{"id":11,"date":"2016-09-27T16:44:02","date_gmt":"2016-09-27T16:44:02","guid":{"rendered":"http:\/\/theexotic.ch\/?page_id=11"},"modified":"2023-04-29T20:27:42","modified_gmt":"2023-04-29T18:27:42","slug":"publication","status":"publish","type":"page","link":"https:\/\/theexotic.ch\/?page_id=11","title":{"rendered":"Publications"},"content":{"rendered":"<p><img loading=\"lazy\" decoding=\"async\" class=\"aligncenter size-large wp-image-2272\" src=\"http:\/\/theexotic.ch\/wp-content\/uploads\/2020\/10\/Une-Suisse-exotique-687x1024.png\" alt=\"\" width=\"687\" height=\"1024\" srcset=\"https:\/\/theexotic.ch\/wp-content\/uploads\/2020\/10\/Une-Suisse-exotique-687x1024.png 687w, https:\/\/theexotic.ch\/wp-content\/uploads\/2020\/10\/Une-Suisse-exotique-201x300.png 201w, https:\/\/theexotic.ch\/wp-content\/uploads\/2020\/10\/Une-Suisse-exotique-768x1145.png 768w\" sizes=\"auto, (max-width: 687px) 100vw, 687px\" \/><\/p>\n<p><strong>No\u00e9mie Etienne, Claire Brizon, Chonja Lee, Etienne Wismer (dir.), <em><a href=\"https:\/\/press.uchicago.edu\/ucp\/books\/book\/distributed\/U\/bo95103364.html\">Une Suisse exotique? Regarder l&#8217;ailleurs au si\u00e8cle des Lumi\u00e8res<\/a>,<\/em> Zurich, Diaphanes, 2020, 376p.<\/strong><\/p>\n<p><img loading=\"lazy\" decoding=\"async\" class=\"aligncenter size-large wp-image-2273\" src=\"http:\/\/theexotic.ch\/wp-content\/uploads\/2020\/10\/Exotic-Switzerland-685x1024.png\" alt=\"\" width=\"685\" height=\"1024\" srcset=\"https:\/\/theexotic.ch\/wp-content\/uploads\/2020\/10\/Exotic-Switzerland-685x1024.png 685w, https:\/\/theexotic.ch\/wp-content\/uploads\/2020\/10\/Exotic-Switzerland-201x300.png 201w, https:\/\/theexotic.ch\/wp-content\/uploads\/2020\/10\/Exotic-Switzerland-768x1149.png 768w, https:\/\/theexotic.ch\/wp-content\/uploads\/2020\/10\/Exotic-Switzerland.png 1925w\" sizes=\"auto, (max-width: 685px) 100vw, 685px\" \/><\/p>\n<p><strong>No\u00e9mie Etienne, Claire Brizon, Chonja Lee, Etienne Wismer (ed.), <a href=\"https:\/\/press.uchicago.edu\/ucp\/books\/book\/distributed\/E\/bo71154474.html\">E<em>xotic Switzerland? Looking Outward in the Age of Enlightenment,<\/em><\/a> Zurich, Diaphanes, 2020, 376p.<\/strong><\/p>\n<hr \/>\n<p><strong>Claire Brizon, <em>Colonial Collections. At the Origins of the Early Non-European Collections in Swiss Museum<\/em>s, Geneva, Edition Seismo, 2023.<br \/>\n<\/strong><\/p>\n<p>Free for download, entirely OA: https:\/\/www.seismoverlag.ch\/fr\/daten\/collections-coloniales\/<\/p>\n<p><img loading=\"lazy\" decoding=\"async\" class=\"aligncenter size-large wp-image-2766\" src=\"http:\/\/theexotic.ch\/wp-content\/uploads\/2023\/01\/Cover_Brizon-705x1024.jpg\" alt=\"\" width=\"705\" height=\"1024\" srcset=\"https:\/\/theexotic.ch\/wp-content\/uploads\/2023\/01\/Cover_Brizon-705x1024.jpg 705w, https:\/\/theexotic.ch\/wp-content\/uploads\/2023\/01\/Cover_Brizon-207x300.jpg 207w, https:\/\/theexotic.ch\/wp-content\/uploads\/2023\/01\/Cover_Brizon-768x1115.jpg 768w, https:\/\/theexotic.ch\/wp-content\/uploads\/2023\/01\/Cover_Brizon.jpg 1830w\" sizes=\"auto, (max-width: 705px) 100vw, 705px\" \/><\/p>\n<hr \/>\n<p><img loading=\"lazy\" decoding=\"async\" class=\"aligncenter size-large wp-image-2633\" src=\"http:\/\/theexotic.ch\/wp-content\/uploads\/2021\/12\/Capture-d\u2019e\u0301cran-2021-12-20-a\u0300-15.00.47-1024x683.png\" alt=\"\" width=\"900\" height=\"600\" srcset=\"https:\/\/theexotic.ch\/wp-content\/uploads\/2021\/12\/Capture-d\u2019e\u0301cran-2021-12-20-a\u0300-15.00.47-1024x683.png 1024w, https:\/\/theexotic.ch\/wp-content\/uploads\/2021\/12\/Capture-d\u2019e\u0301cran-2021-12-20-a\u0300-15.00.47-300x200.png 300w, https:\/\/theexotic.ch\/wp-content\/uploads\/2021\/12\/Capture-d\u2019e\u0301cran-2021-12-20-a\u0300-15.00.47-768x513.png 768w, https:\/\/theexotic.ch\/wp-content\/uploads\/2021\/12\/Capture-d\u2019e\u0301cran-2021-12-20-a\u0300-15.00.47.png 2026w\" sizes=\"auto, (max-width: 900px) 100vw, 900px\" \/><\/p>\n<p><strong>Ya\u00eblle Biro and No\u00e9mie Etienne (eds.), <em>Rhapsodic Objects. Art, Agency, and Materiality (1700-2000), <\/em>Berlin\/Boston, De Gruyter, 2022.<\/strong><\/p>\n<p><a href=\"https:\/\/www.degruyter.com\/document\/doi\/10.1515\/9783110757668\/html\">Freely available on Open Access.<\/a><\/p>\n<p>Circulation and imitation are key factors in shaping the material world. The authors in this volume explore how technical knowledge, immaterial desires, and political agendas impact the production and consumption of visual and material culture across times and places. Their essays map multidirectional transactions for cultural goods in which source countries can be positioned at the center. <em>Rhapsodic<\/em> \u2013 literally to stitch or weave songs \u2013 paired with objects \u2013 from thrown against \u2013 intertwines complexity and action. <em>Rhapsodic objects<\/em> thus beckons to the layered narratives of the objects themselves, their making, and their reception over time. The concept further underlines their potential to express creativity, generate emotion, and reveal histories \u2013 often tainted with violence.<\/p>\n<hr \/>\n<p><img loading=\"lazy\" decoding=\"async\" class=\"aligncenter size-large wp-image-2540\" src=\"http:\/\/theexotic.ch\/wp-content\/uploads\/2021\/08\/cov_9783110742268-725x1024.jpg\" alt=\"\" width=\"725\" height=\"1024\" srcset=\"https:\/\/theexotic.ch\/wp-content\/uploads\/2021\/08\/cov_9783110742268-725x1024.jpg 725w, https:\/\/theexotic.ch\/wp-content\/uploads\/2021\/08\/cov_9783110742268-212x300.jpg 212w, https:\/\/theexotic.ch\/wp-content\/uploads\/2021\/08\/cov_9783110742268-768x1085.jpg 768w, https:\/\/theexotic.ch\/wp-content\/uploads\/2021\/08\/cov_9783110742268.jpg 1417w\" sizes=\"auto, (max-width: 725px) 100vw, 725px\" \/><\/p>\n<p><strong><em>The Art of the Anthropological Diorama<\/em><em>. Franz Boas, Arthur C. Parker, and Constructing Authenticity,<\/em> <a href=\"https:\/\/www.degruyter.com\/document\/isbn\/9783110742268\/html\">Berlin, De Gruyter, 2021.<\/a><\/strong><\/p>\n<p>Dioramas are devices on the frontier of different disciplines: art, anthropology, and the natural sciences, to name a few. Their use developed during the nineteenth century, following reforms aimed at reinforcing the educational dimension of museums. While dioramas with human figures are now the subject of healthy criticism and are gradually being dismantled, a thorough study of the work of artists and scientists who made them helps shed light on their genesis. Among other displays, this book examines anthropological dioramas of two North American museums in the early twentieth century: the American Museum of Natural History in New York, and the New York State Museum. Sites of creation and mediation of knowledge, combining painting, sculpture, photography, and material culture, dioramas tell a story that is always political.<\/p>\n<hr \/>\n<p><img loading=\"lazy\" decoding=\"async\" class=\"aligncenter size-full wp-image-2649\" src=\"http:\/\/theexotic.ch\/wp-content\/uploads\/2022\/04\/Unbenannt.png\" alt=\"\" width=\"657\" height=\"437\" srcset=\"https:\/\/theexotic.ch\/wp-content\/uploads\/2022\/04\/Unbenannt.png 657w, https:\/\/theexotic.ch\/wp-content\/uploads\/2022\/04\/Unbenannt-300x200.png 300w\" sizes=\"auto, (max-width: 657px) 100vw, 657px\" \/><\/p>\n<p class=\"pub-meta\"><strong><span class=\"authors\">No\u00e9mie Etienne<\/span>, <span class=\"art_title\">&#8220;Who cares? Museum conservation between colonial violence and symbolic repair,&#8221; in<\/span> <span class=\"serial_title\"><em>Museums &amp; Social Issues<\/em>, Tyler &amp; Francis Online, 2022,<\/span> <span class=\"doi_link\">DOI: <a href=\"https:\/\/doi.org\/10.1080\/15596893.2022.2057413\">10.1080\/15596893.2022.2057413<\/a><\/span><\/strong><\/p>\n<p><a href=\"http:\/\/theexotic.ch\/wp-content\/uploads\/2022\/04\/Who-cares-Museum-conservation-between-colonial-violence-and-symbolic-repair.pdf\">Who cares Museum conservation between colonial violence and symbolic repair<\/a><\/p>\n<p>Recently, museums have been under growing scrutiny. The public debate has focused mainly on two things: The way cultures and objects are presented and displayed in museum galleries and the questions of restitution. However, 80\u201399% of a museum&#8217;s collection is and will probably remain in storage. This paper changes the focus from exhibition or restitution to conservation, understood as a set of practices preserving and giving access to art and material culture. More precisely, I study preventative conservation and collection management as political actions. Building upon the unvaluable work carried by conservators in the US and beyond, but also including other voices and alternative gestures, I aim to start a conversation about what conservation could be in a postcolonial museum.<\/p>\n<hr \/>\n<p><a href=\"http:\/\/theexotic.ch\/wp-content\/uploads\/2021\/05\/Etienne2.pdf\">No\u00e9mie Etienne, &#8220;Les objets retouch\u00e9s. Adam Weisweiler et la vie des laques asiatiques en Europe \u00e0 l&#8217;\u00e9poque moderne,&#8221; in Objets Nomades, A. Fennetaux, A.-M. Miller-Blaise et N. Oddo (eds.), Turnhout, Brepols, 2021, pp. 180-194.<\/a><\/p>\n<p><img loading=\"lazy\" decoding=\"async\" class=\"aligncenter size-large wp-image-2505\" src=\"http:\/\/theexotic.ch\/wp-content\/uploads\/2021\/05\/Capture-d\u2019e\u0301cran-2021-05-28-a\u0300-15.25.41-1024x583.png\" alt=\"\" width=\"900\" height=\"512\" srcset=\"https:\/\/theexotic.ch\/wp-content\/uploads\/2021\/05\/Capture-d\u2019e\u0301cran-2021-05-28-a\u0300-15.25.41-1024x583.png 1024w, https:\/\/theexotic.ch\/wp-content\/uploads\/2021\/05\/Capture-d\u2019e\u0301cran-2021-05-28-a\u0300-15.25.41-300x171.png 300w, https:\/\/theexotic.ch\/wp-content\/uploads\/2021\/05\/Capture-d\u2019e\u0301cran-2021-05-28-a\u0300-15.25.41-768x437.png 768w\" sizes=\"auto, (max-width: 900px) 100vw, 900px\" \/><\/p>\n<hr \/>\n<p><a href=\"http:\/\/theexotic.ch\/wp-content\/uploads\/2021\/04\/Obras2021.pdf\">Lustro, Laca e Liotard. T\u00e9cnicas e Texturas entra Asia e Europa, in Obras 2021, trad. Maria Cristina Volpi.\u00a0<\/a><\/p>\n<p><img loading=\"lazy\" decoding=\"async\" class=\"aligncenter size-large wp-image-2458\" src=\"http:\/\/theexotic.ch\/wp-content\/uploads\/2021\/04\/Capture-d\u2019e\u0301cran-2021-04-21-a\u0300-20.04.49-1024x836.png\" alt=\"\" width=\"900\" height=\"735\" srcset=\"https:\/\/theexotic.ch\/wp-content\/uploads\/2021\/04\/Capture-d\u2019e\u0301cran-2021-04-21-a\u0300-20.04.49-1024x836.png 1024w, https:\/\/theexotic.ch\/wp-content\/uploads\/2021\/04\/Capture-d\u2019e\u0301cran-2021-04-21-a\u0300-20.04.49-300x245.png 300w, https:\/\/theexotic.ch\/wp-content\/uploads\/2021\/04\/Capture-d\u2019e\u0301cran-2021-04-21-a\u0300-20.04.49-768x627.png 768w, https:\/\/theexotic.ch\/wp-content\/uploads\/2021\/04\/Capture-d\u2019e\u0301cran-2021-04-21-a\u0300-20.04.49.png 1350w\" sizes=\"auto, (max-width: 900px) 100vw, 900px\" \/><\/p>\n<hr \/>\n<p>&nbsp;<\/p>\n<p>No\u00e9mie Etienne, <em>Les autres et les anc\u00eatres. Les dioramas de Franz Boas et Arthur C. Parker \u00e0 New York, 1900, <\/em>Paris\/Dijon, Les presses du r\u00e9el, 2020. <img loading=\"lazy\" decoding=\"async\" class=\"aligncenter wp-image-1990\" src=\"http:\/\/theexotic.ch\/wp-content\/uploads\/2020\/02\/Capture-d\u2019e\u0301cran-2020-02-20-a\u0300-11.52.00-300x201.png\" alt=\"\" width=\"663\" height=\"444\" srcset=\"https:\/\/theexotic.ch\/wp-content\/uploads\/2020\/02\/Capture-d\u2019e\u0301cran-2020-02-20-a\u0300-11.52.00-300x201.png 300w, https:\/\/theexotic.ch\/wp-content\/uploads\/2020\/02\/Capture-d\u2019e\u0301cran-2020-02-20-a\u0300-11.52.00-768x515.png 768w, https:\/\/theexotic.ch\/wp-content\/uploads\/2020\/02\/Capture-d\u2019e\u0301cran-2020-02-20-a\u0300-11.52.00-1024x686.png 1024w, https:\/\/theexotic.ch\/wp-content\/uploads\/2020\/02\/Capture-d\u2019e\u0301cran-2020-02-20-a\u0300-11.52.00.png 2008w\" sizes=\"auto, (max-width: 663px) 100vw, 663px\" \/>See more on the publisher&#8217;s <a href=\"https:\/\/www.lespressesdureel.com\/ouvrage.php?id=7042\">website<\/a>.<\/p>\n<p>Download <a href=\"https:\/\/www.academia.edu\/42005010\/Introduction_Les_autres_et_les_anc%C3%AAtres._Les_dioramas_de_Franz_Boas_et_dArthur_C._Parker_%C3%A0_New_York_1900_Paris_Dijon_Les_presses_du_r%C3%A9el_2020_pp._1-15\">Full Introduction<\/a>.<\/p>\n<hr \/>\n<p>Claire Brizon, &#8220;Collections Coloniales? L&#8217;implication de la Suisse dans le processus\u00a0 d&#8217;expansion coloniale europ\u00e9en au si\u00e8cle des Lumi\u00e8res&#8221;, <em>Tsantsa, 24,<\/em> 2019, 24-39.<\/p>\n<p><a href=\"http:\/\/theexotic.ch\/wp-content\/uploads\/2020\/05\/Tsantsa-collection-coloniales-2.pdf\">Read Article<\/a>.<\/p>\n<p><img loading=\"lazy\" decoding=\"async\" class=\"aligncenter wp-image-1766\" src=\"http:\/\/theexotic.ch\/wp-content\/uploads\/2019\/05\/Capture_page_tsantsa-300x282.jpg\" alt=\"\" width=\"464\" height=\"436\" srcset=\"https:\/\/theexotic.ch\/wp-content\/uploads\/2019\/05\/Capture_page_tsantsa-300x282.jpg 300w, https:\/\/theexotic.ch\/wp-content\/uploads\/2019\/05\/Capture_page_tsantsa-768x722.jpg 768w, https:\/\/theexotic.ch\/wp-content\/uploads\/2019\/05\/Capture_page_tsantsa.jpg 872w\" sizes=\"auto, (max-width: 464px) 100vw, 464px\" \/><\/p>\n<p>&nbsp;<\/p>\n<hr \/>\n<p>&nbsp;<\/p>\n<p>Chonja Lee, &#8220;Bedruckte Bauwolle,&#8221; <em>XVIII<\/em>, 9, 2018, 53-71.<\/p>\n<p><a href=\"http:\/\/theexotic.ch\/wp-content\/uploads\/2019\/03\/LEE-Chonja_Bedruckte-Baumwolle_-xviii_9-2018_53-71.pdf\">Read Article.<\/a><\/p>\n<p><img loading=\"lazy\" decoding=\"async\" class=\"aligncenter wp-image-1664\" src=\"http:\/\/theexotic.ch\/wp-content\/uploads\/2019\/03\/XVII.CH_2-300x300.jpg\" alt=\"\" width=\"552\" height=\"552\" srcset=\"https:\/\/theexotic.ch\/wp-content\/uploads\/2019\/03\/XVII.CH_2-300x300.jpg 300w, https:\/\/theexotic.ch\/wp-content\/uploads\/2019\/03\/XVII.CH_2-150x150.jpg 150w, https:\/\/theexotic.ch\/wp-content\/uploads\/2019\/03\/XVII.CH_2.jpg 540w\" sizes=\"auto, (max-width: 552px) 100vw, 552px\" \/><\/p>\n<hr \/>\n<p>&nbsp;<\/p>\n<p><a href=\"https:\/\/journals.openedition.org\/culturemusees\/2197\">No\u00e9mie Etienne and Nadia Radwan (ed.), &#8220;The Art of Diorama (1700-2000),&#8221; <em>Culture et Mus\u00e9es, <\/em>32, 2018.<\/a><\/p>\n<p><img loading=\"lazy\" decoding=\"async\" class=\"alignnone wp-image-1534\" src=\"http:\/\/theexotic.ch\/wp-content\/uploads\/2019\/01\/Capture-d\u2019e\u0301cran-2019-01-24-a\u0300-13.28.12-1-300x168.png\" alt=\"\" width=\"572\" height=\"320\" srcset=\"https:\/\/theexotic.ch\/wp-content\/uploads\/2019\/01\/Capture-d\u2019e\u0301cran-2019-01-24-a\u0300-13.28.12-1-300x168.png 300w, https:\/\/theexotic.ch\/wp-content\/uploads\/2019\/01\/Capture-d\u2019e\u0301cran-2019-01-24-a\u0300-13.28.12-1-768x431.png 768w, https:\/\/theexotic.ch\/wp-content\/uploads\/2019\/01\/Capture-d\u2019e\u0301cran-2019-01-24-a\u0300-13.28.12-1-1024x575.png 1024w\" sizes=\"auto, (max-width: 572px) 100vw, 572px\" \/><\/p>\n<hr \/>\n<p>&nbsp;<\/p>\n<p>Claire Brizon, <em>Voyageurs, naturalistes et militaires. Des collectes dans les \u00eeles du Pacifique et de l\u2019oc\u00e9an Indien aux r\u00e9serves du Mus\u00e9e cantonal d\u2019arch\u00e9ologie et d\u2019histoire \u00e0 Lausanne,<\/em> Special issue of <em>Patrimoines. Collections Cantonales vaudoises<\/em>, 2019.<\/p>\n<p><a href=\"http:\/\/www.mcah.ch\/publications\/patrimoines-collections-cantonales-vaudoises\/\">More here.<\/a><\/p>\n<p><a href=\"http:\/\/theexotic.ch\/wp-content\/uploads\/2019\/01\/Patrimoines_HS1-MCAH-WEB.pdf\">Download<\/a>.<\/p>\n<p><img loading=\"lazy\" decoding=\"async\" class=\"alignnone wp-image-1526\" src=\"http:\/\/theexotic.ch\/wp-content\/uploads\/2019\/01\/Capture-d\u2019e\u0301cran-2019-01-18-a\u0300-12.41.02-211x300.png\" alt=\"\" width=\"523\" height=\"744\" srcset=\"https:\/\/theexotic.ch\/wp-content\/uploads\/2019\/01\/Capture-d\u2019e\u0301cran-2019-01-18-a\u0300-12.41.02-211x300.png 211w, https:\/\/theexotic.ch\/wp-content\/uploads\/2019\/01\/Capture-d\u2019e\u0301cran-2019-01-18-a\u0300-12.41.02-721x1024.png 721w, https:\/\/theexotic.ch\/wp-content\/uploads\/2019\/01\/Capture-d\u2019e\u0301cran-2019-01-18-a\u0300-12.41.02.png 738w\" sizes=\"auto, (max-width: 523px) 100vw, 523px\" \/><\/p>\n<p>&nbsp;<\/p>\n<hr \/>\n<p><img loading=\"lazy\" decoding=\"async\" class=\"alignnone wp-image-1504\" src=\"http:\/\/theexotic.ch\/wp-content\/uploads\/2018\/12\/couverture-1-254x300.jpg\" alt=\"\" width=\"525\" height=\"620\" srcset=\"https:\/\/theexotic.ch\/wp-content\/uploads\/2018\/12\/couverture-1-254x300.jpg 254w, https:\/\/theexotic.ch\/wp-content\/uploads\/2018\/12\/couverture-1.jpg 609w\" sizes=\"auto, (max-width: 525px) 100vw, 525px\" \/><\/p>\n<p>Claire Brizon, with Claude Leuba and Lionel Pernet, &#8220;Mus\u00e9e cantonal d&#8217;Arch\u00e9ologie et d&#8217;Histoire, Lausanne,&#8221; in Collecting in the South Sea. The Voyage of Bruni d\u2019Entrecasteaux 1791-1794.<\/p>\n<p>Edited by Bronwen Douglas, Fanny Wonu Veys, and Billie Lythberg, Leiden, Sidestone Press, 2018, pp. 176-184.<\/p>\n<p><a href=\"http:\/\/theexotic.ch\/wp-content\/uploads\/2018\/12\/12BrizonEtAl2018Ch12MCAHLausanne.pdf\">Download.<\/a><\/p>\n<p><a href=\"https:\/\/fr.scribd.com\/document\/394864742\/9789088905742-Douglas-Et-Al-2018-Collecting-in-the-South-Sea-E-book#fullscreen&amp;from_embed\">Read online.<\/a><\/p>\n<hr \/>\n<p><img loading=\"lazy\" decoding=\"async\" class=\"alignnone wp-image-1488\" src=\"http:\/\/theexotic.ch\/wp-content\/uploads\/2018\/12\/fig.4-300x240.jpg\" alt=\"\" width=\"579\" height=\"463\" srcset=\"https:\/\/theexotic.ch\/wp-content\/uploads\/2018\/12\/fig.4-300x240.jpg 300w, https:\/\/theexotic.ch\/wp-content\/uploads\/2018\/12\/fig.4-768x614.jpg 768w, https:\/\/theexotic.ch\/wp-content\/uploads\/2018\/12\/fig.4-1024x818.jpg 1024w\" sizes=\"auto, (max-width: 579px) 100vw, 579px\" \/><\/p>\n<p>Claire Brizon, \u201cFran\u00e7ois Aim\u00e9 Louis Dumoulin, ou les images d\u2019un Suisse aux Cara\u00efbes,\u201d\u00a0<em>Journal18\u00a0<\/em>(December 2018).<\/p>\n<p><a href=\"http:\/\/www.journal18.org\/nq\/francois-aime-louis-dumoulin-ou-les-images-dun-suisse-aux-caraibes-par-claire-brizon\/\">Read online.<\/a><\/p>\n<hr \/>\n<p><img loading=\"lazy\" decoding=\"async\" class=\"alignnone wp-image-1494\" src=\"http:\/\/theexotic.ch\/wp-content\/uploads\/2018\/12\/1-208x300.jpg\" alt=\"\" width=\"517\" height=\"745\" srcset=\"https:\/\/theexotic.ch\/wp-content\/uploads\/2018\/12\/1-208x300.jpg 208w, https:\/\/theexotic.ch\/wp-content\/uploads\/2018\/12\/1.jpg 512w\" sizes=\"auto, (max-width: 517px) 100vw, 517px\" \/><\/p>\n<p>No\u00e9mie Etienne, &#8220;Transaction and Translation. The Trade in Non-European Artefacts in Paris and Versailles, 1750-1800,&#8221; in B\u00e9n\u00e9dicte Savoy, Charlotte Guichard, Christine Howald (eds.),\u00a0<em>Acquiring Cultures. Histories of World Art on Western Markets,\u00a0<\/em>Berlin, De Gruyter, 2018, pp. 15-30.<\/p>\n<p><a href=\"https:\/\/www.academia.edu\/37916214\/Transaction_and_Translation._The_Trade_in_Non-European_Artefacts_in_Paris_and_Versailles_1750-1800\">Download.<\/a><\/p>\n<hr \/>\n<p><img loading=\"lazy\" decoding=\"async\" class=\"alignnone wp-image-1300\" src=\"http:\/\/theexotic.ch\/wp-content\/uploads\/2018\/07\/20180627_150525-300x200.jpg\" alt=\"\" width=\"581\" height=\"387\" srcset=\"https:\/\/theexotic.ch\/wp-content\/uploads\/2018\/07\/20180627_150525-300x200.jpg 300w, https:\/\/theexotic.ch\/wp-content\/uploads\/2018\/07\/20180627_150525-768x513.jpg 768w, https:\/\/theexotic.ch\/wp-content\/uploads\/2018\/07\/20180627_150525-1024x684.jpg 1024w\" sizes=\"auto, (max-width: 581px) 100vw, 581px\" \/><\/p>\n<p>Sara Petrella and Aldo Trucchio, &#8220;To the Far Reaches of Barbary&#8230;,&#8221; <em>Arts et Cultures, <\/em>Barbier M\u00fcller Museum, 2018, pp. 200-207.<\/p>\n<p><a href=\"http:\/\/theexotic.ch\/wp-content\/uploads\/2018\/07\/AC-2018-PetrellaTrucchio-v2.pdf\">Download.<\/a><\/p>\n<hr \/>\n<p>&nbsp;<\/p>\n<p><img loading=\"lazy\" decoding=\"async\" class=\"alignnone wp-image-1286\" src=\"http:\/\/theexotic.ch\/wp-content\/uploads\/2018\/06\/icono1a-1-300x271.jpg\" alt=\"\" width=\"552\" height=\"498\" srcset=\"https:\/\/theexotic.ch\/wp-content\/uploads\/2018\/06\/icono1a-1-300x271.jpg 300w, https:\/\/theexotic.ch\/wp-content\/uploads\/2018\/06\/icono1a-1-768x694.jpg 768w, https:\/\/theexotic.ch\/wp-content\/uploads\/2018\/06\/icono1a-1-1024x925.jpg 1024w, https:\/\/theexotic.ch\/wp-content\/uploads\/2018\/06\/icono1a-1.jpg 1200w\" sizes=\"auto, (max-width: 552px) 100vw, 552px\" \/><\/p>\n<p>Claire Brizon, &#8220;De la collecte \u00e0 l\u2019usage : Les artefacts du cabinet de l\u2019Acad\u00e9mie de Lausanne au 18<sup>e<\/sup> si\u00e8cle,&#8221; <em>Colligo<\/em>, June 2018<em>.<\/em><\/p>\n<p><a href=\"http:\/\/revue-colligo.fr\/index.php\/vol-1-num-1?id=14\">Read online.<\/a><\/p>\n<hr \/>\n<p>&nbsp;<\/p>\n<p><img loading=\"lazy\" decoding=\"async\" class=\"alignnone wp-image-1097\" src=\"http:\/\/theexotic.ch\/wp-content\/uploads\/2018\/03\/Capture-d\u2019e\u0301cran-2018-03-09-a\u0300-18.04.47-300x197.png\" alt=\"\" width=\"466\" height=\"306\" srcset=\"https:\/\/theexotic.ch\/wp-content\/uploads\/2018\/03\/Capture-d\u2019e\u0301cran-2018-03-09-a\u0300-18.04.47-300x197.png 300w, https:\/\/theexotic.ch\/wp-content\/uploads\/2018\/03\/Capture-d\u2019e\u0301cran-2018-03-09-a\u0300-18.04.47-768x503.png 768w, https:\/\/theexotic.ch\/wp-content\/uploads\/2018\/03\/Capture-d\u2019e\u0301cran-2018-03-09-a\u0300-18.04.47-1024x671.png 1024w\" sizes=\"auto, (max-width: 466px) 100vw, 466px\" \/><\/p>\n<p>No\u00e9mie Etienne and Chonja Lee, <a href=\"https:\/\/www.academia.edu\/36136792\/L%C3%BCster_Lack_und_Liotard_Techniken_und_Texturen_zwischen_Asien_und_Europa\">&#8220;L\u00fcster, Lack und Liotard: Techniken und Texturen zwischen Asien und Europa&#8221;<\/a> in <em>Kunst + Architektur in der Schweiz<\/em> (Chinoiserie), Bern: Gesellschaft f\u00fcr Schweizerische Kunstgeschichte, 2018\/1, pp. 4\u201311.<\/p>\n<hr \/>\n<p>&nbsp;<\/p>\n<div style=\"width: 479px\" class=\"wp-caption alignnone\"><img loading=\"lazy\" decoding=\"async\" class=\"shrinkToFit\" src=\"http:\/\/admin.lescendres.com\/upload\/books\/5894d52be05ae\/\/autre,%2011.jpg\" alt=\"http:\/\/admin.lescendres.com\/upload\/books\/5894d52be05ae\/\/autre,%2011.jpg\" width=\"469\" height=\"664\" \/><p class=\"wp-caption-text\"><span style=\"color: #000000;\">Philippe Borgeaud et Sara Petrella, Le singe de l&#8217;autre. Du sauvage am\u00e9ricain \u00e0 l&#8217;histoire compar\u00e9e des religions, Paris, <a href=\"http:\/\/www.lescendres.com\/livre\/le-singe-de-l-autre-du-sauvage-americain\">Editions des Cendres,<\/a> 2017, 128p.<\/span><\/p><\/div>\n<div id=\"attachment_564\" style=\"width: 336px\" class=\"wp-caption alignnone\"><a href=\"https:\/\/www.academia.edu\/10248665\/Things_Between_Worlds._Creating_Exoticism_and_Authenticity_in_the_West_from_the_19th_Century_to_the_Present_Material_Culture_Review_2014\"><img loading=\"lazy\" decoding=\"async\" aria-describedby=\"caption-attachment-564\" class=\"wp-image-564 \" src=\"http:\/\/theexotic.ch\/wp-content\/uploads\/2017\/02\/MaterialCultureReview.jpg\" width=\"326\" height=\"420\" srcset=\"https:\/\/theexotic.ch\/wp-content\/uploads\/2017\/02\/MaterialCultureReview.jpg 310w, https:\/\/theexotic.ch\/wp-content\/uploads\/2017\/02\/MaterialCultureReview-233x300.jpg 233w\" sizes=\"auto, (max-width: 326px) 100vw, 326px\" \/><\/a><p id=\"caption-attachment-564\" class=\"wp-caption-text\"><span style=\"color: #000000;\"><em>Things between Worlds. Creating Exoticism and Authenticity in the West, from the 19th Century to the Present,<\/em> edited by No\u00e9mie, Etienne, in collaboration with Manuel Charpy, <em>Material Culture Review<\/em>, Cap Breton University (Canada), no. 79, 2014, 114p.<\/span><\/p><\/div>\n<div id=\"attachment_567\" style=\"width: 419px\" class=\"wp-caption alignnone\"><a href=\"https:\/\/www.academia.edu\/1818160\/Eternal_Tour_X_Z_Y_Neuch\u00e2tel_Editions_Gilles_Attinger_2009_248p\"><img loading=\"lazy\" decoding=\"async\" aria-describedby=\"caption-attachment-567\" class=\"wp-image-567 \" src=\"http:\/\/theexotic.ch\/wp-content\/uploads\/2016\/09\/EternalTour.jpg\" width=\"409\" height=\"438\" srcset=\"https:\/\/theexotic.ch\/wp-content\/uploads\/2016\/09\/EternalTour.jpg 374w, https:\/\/theexotic.ch\/wp-content\/uploads\/2016\/09\/EternalTour-281x300.jpg 281w\" sizes=\"auto, (max-width: 409px) 100vw, 409px\" \/><\/a><p id=\"caption-attachment-567\" class=\"wp-caption-text\"><span style=\"color: #000000;\">No\u00e9mie Etienne and Donatella Bernardi (ed.), <em>X,Z,Y, Eternal Tour,<\/em> Neuch\u00e2tel, Gilles Attinger, 2009, 248p.<\/span><\/p><\/div>\n","protected":false},"excerpt":{"rendered":"<p>No\u00e9mie Etienne, Claire Brizon, Chonja Lee, Etienne Wismer (dir.), Une Suisse exotique? Regarder l&#8217;ailleurs au si\u00e8cle des Lumi\u00e8res, Zurich, Diaphanes, 2020, 376p. No\u00e9mie&hellip;<\/p>\n","protected":false},"author":2,"featured_media":0,"parent":0,"menu_order":0,"comment_status":"closed","ping_status":"closed","template":"","meta":{"footnotes":""},"class_list":["post-11","page","type-page","status-publish","hentry"],"_links":{"self":[{"href":"https:\/\/theexotic.ch\/index.php?rest_route=\/wp\/v2\/pages\/11","targetHints":{"allow":["GET"]}}],"collection":[{"href":"https:\/\/theexotic.ch\/index.php?rest_route=\/wp\/v2\/pages"}],"about":[{"href":"https:\/\/theexotic.ch\/index.php?rest_route=\/wp\/v2\/types\/page"}],"author":[{"embeddable":true,"href":"https:\/\/theexotic.ch\/index.php?rest_route=\/wp\/v2\/users\/2"}],"replies":[{"embeddable":true,"href":"https:\/\/theexotic.ch\/index.php?rest_route=%2Fwp%2Fv2%2Fcomments&post=11"}],"version-history":[{"count":66,"href":"https:\/\/theexotic.ch\/index.php?rest_route=\/wp\/v2\/pages\/11\/revisions"}],"predecessor-version":[{"id":2787,"href":"https:\/\/theexotic.ch\/index.php?rest_route=\/wp\/v2\/pages\/11\/revisions\/2787"}],"wp:attachment":[{"href":"https:\/\/theexotic.ch\/index.php?rest_route=%2Fwp%2Fv2%2Fmedia&parent=11"}],"curies":[{"name":"wp","href":"https:\/\/api.w.org\/{rel}","templated":true}]}}